{"id":22625,"date":"2024-08-20T14:42:36","date_gmt":"2024-08-20T12:42:36","guid":{"rendered":"https:\/\/www.everybodysperfect.ch\/canopee\/"},"modified":"2024-09-26T17:44:14","modified_gmt":"2024-09-26T15:44:14","slug":"canopee","status":"publish","type":"page","link":"https:\/\/www.everybodysperfect.ch\/en\/canopee\/","title":{"rendered":"La Canop\u00e9e"},"content":{"rendered":"<!--themify_builder_content-->\n<div id=\"themify_builder_content-22625\" data-postid=\"22625\" class=\"themify_builder_content themify_builder_content-22625 themify_builder tf_clear\">\n                    <div  data-lazy=\"1\" class=\"module_row themify_builder_row tb_7bje299 tb_first tf_w\">\n                        <div class=\"row_inner col_align_top tb_col_count_1 tf_box tf_rel\">\n                        <div  data-lazy=\"1\" class=\"module_column tb-column col-full tb_gnqa299 first\">\n                    <!-- module fancy heading -->\n<div  class=\"module module-fancy-heading tb_b5z7322  tb_hide_divider\" data-lazy=\"1\">\n        <h1 class=\"fancy-heading tf_textc\">\n    <span class=\"main-head tf_block\">\n                    LA CANOP\u00c9E            <\/span>\n\n    \n    <span class=\"sub-head tf_block tf_rel\">\n                    EVERYBODY\u2019S PERFECT installe sa Paillette au bord de l\u2019eau, dans l\u2019espace de d\u00e9tente et de loisirs            <\/span>\n    <\/h1>\n<\/div>\n<!-- \/module fancy heading -->\n        <\/div>\n                        <\/div>\n        <\/div>\n                        <div  data-lazy=\"1\" class=\"module_row themify_builder_row tb_yxmf334 tf_w\">\n                        <div class=\"row_inner col_align_top tb_col_count_1 tf_box tf_rel\">\n                        <div  data-lazy=\"1\" class=\"module_column tb-column col-full tb_pzqf334 first\">\n                    <!-- module buttons -->\n<div  class=\"module module-buttons tb_m3in156 buttons-horizontal outline  \" data-lazy=\"1\">\n        <div class=\"module-buttons-item tf_in_flx\">\n                        <a href=\"https:\/\/www.everybodysperfect.ch\/wp-content\/uploads\/carte-Canop_V4_DIGITAL.pdf\" class=\"ui builder_button tf_in_flx themify_lightbox pink\" >\n                                                La Carte                                        <\/a>\n                <\/div>\n                    <div class=\"module-buttons-item tf_in_flx\">\n                        <a href=\"https:\/\/event.recrewteer.com\/v2\/organization\/2044\/event\/3831\/form\/3782\" class=\"ui builder_button tf_in_flx black\" target=\"_blank\" rel=\"noopener\">\n                                                 inscriptions b\u00e9n\u00e9voles pour les cr\u00e9neaux du 05.08 au 25.08                                        <\/a>\n                <\/div>\n                    <div class=\"module-buttons-item tf_in_flx\">\n                        <a href=\"https:\/\/event.recrewteer.com\/v2\/organization\/2044\/event\/3831\/form\/3958\" class=\"ui builder_button tf_in_flx black\" target=\"_blank\" rel=\"noopener\">\n                                                 inscriptions b\u00e9n\u00e9voles pour les cr\u00e9neaux du 26.08 au 07.09                                        <\/a>\n                <\/div>\n            <\/div>\n<!-- \/module buttons -->\n        <\/div>\n                        <\/div>\n        <\/div>\n                        <div  data-lazy=\"1\" class=\"module_row themify_builder_row tb_0ojt864 tf_w\">\n                        <div class=\"row_inner col_align_top tb_col_count_2 tf_box tf_rel\">\n                        <div  data-lazy=\"1\" class=\"module_column tb-column col4-2 tb_javj593 first\">\n                    <!-- module gallery -->\n<div  class=\"module gallery module-gallery tb_iojz415 layout-grid  \" data-lazy=\"1\">\n    <div class=\"module-gallery-grid\" style=\"--gald:1;--galt:3;--galm:1\">\n            <dl class=\"gallery-item\">\n            <dt class=\"gallery-icon\">\n            <a data-title=\"no\" title=\"\" href=\"https:\/\/www.everybodysperfect.ch\/wp-content\/uploads\/public-buvette_16-9-2.jpg\" data-rel=\"tb_iojz415\" class=\"themify_lightbox\"><img loading=\"lazy\" decoding=\"async\" src=\"https:\/\/www.everybodysperfect.ch\/wp-content\/uploads\/public-buvette_16-9-2-600x300.jpg\" width=\"600\" height=\"300\" class=\"wp-post-image wp-image-22416\" title=\"Buvette la Canop\u00e9e\" alt=\"Buvette la Canop\u00e9e\" srcset=\"https:\/\/www.everybodysperfect.ch\/wp-content\/uploads\/public-buvette_16-9-2-600x300.jpg 600w, https:\/\/www.everybodysperfect.ch\/wp-content\/uploads\/public-buvette_16-9-2-300x150.jpg 300w, https:\/\/www.everybodysperfect.ch\/wp-content\/uploads\/public-buvette_16-9-2-768x384.jpg 768w, https:\/\/www.everybodysperfect.ch\/wp-content\/uploads\/public-buvette_16-9-2.jpg 800w\" sizes=\"auto, (max-width: 600px) 100vw, 600px\" \/><\/a>            <\/dt>\n                    <\/dl>\n            <dl class=\"gallery-item\">\n            <dt class=\"gallery-icon\">\n            <a data-title=\"no\" title=\"\u00a9 Nora Teylouni \/ Ville de Gen\u00e8ve\" href=\"https:\/\/www.everybodysperfect.ch\/wp-content\/uploads\/canopee-ville-geneve-galerie-011-2-2.jpg\" data-rel=\"tb_iojz415\" class=\"themify_lightbox\"><img loading=\"lazy\" decoding=\"async\" src=\"https:\/\/www.everybodysperfect.ch\/wp-content\/uploads\/canopee-ville-geneve-galerie-011-2-2-600x300.jpg\" width=\"600\" height=\"300\" class=\"wp-post-image wp-image-22417\" title=\"Buvette la Canop\u00e9e\" alt=\"Buvette la Canop\u00e9e\" srcset=\"https:\/\/www.everybodysperfect.ch\/wp-content\/uploads\/canopee-ville-geneve-galerie-011-2-2-600x300.jpg 600w, https:\/\/www.everybodysperfect.ch\/wp-content\/uploads\/canopee-ville-geneve-galerie-011-2-2-300x150.jpg 300w, https:\/\/www.everybodysperfect.ch\/wp-content\/uploads\/canopee-ville-geneve-galerie-011-2-2-768x385.jpg 768w, https:\/\/www.everybodysperfect.ch\/wp-content\/uploads\/canopee-ville-geneve-galerie-011-2-2.jpg 798w\" sizes=\"auto, (max-width: 600px) 100vw, 600px\" \/><\/a>            <\/dt>\n             \n                <dd class=\"wp-caption-text gallery-caption\">\n                                                                <span class=\"themify_image_caption\">\u00a9 Nora Teylouni \/ Ville de Gen\u00e8ve<\/span>\n                                    <\/dd>\n                    <\/dl>\n            <dl class=\"gallery-item\">\n            <dt class=\"gallery-icon\">\n            <a data-title=\"no\" title=\"\" href=\"https:\/\/www.everybodysperfect.ch\/wp-content\/uploads\/PHOTO-2024-06-12-17-05-59-1024x473.jpg\" data-rel=\"tb_iojz415\" class=\"themify_lightbox\"><img loading=\"lazy\" decoding=\"async\" src=\"https:\/\/www.everybodysperfect.ch\/wp-content\/uploads\/PHOTO-2024-06-12-17-05-59-1024x473-600x300.jpg\" width=\"600\" height=\"300\" class=\"wp-post-image wp-image-22418\" title=\"Buvette la Canop\u00e9e\" alt=\"Buvette la Canop\u00e9e\"><\/a>            <\/dt>\n                    <\/dl>\n    <\/div>\n<\/div>\n<!-- \/module gallery -->        <\/div>\n                    <div  data-lazy=\"1\" class=\"module_column tb-column col4-2 tb_8mnj864 last\">\n                    <!-- module icon -->\n<div  class=\"module module-icon tb_gr2k334    icon_vertical \" data-lazy=\"1\">\n            <div class=\"module-icon-item\">\n                                                                <em class=\"tf_box\" style=\"color:#ed4095\"><svg  class=\"tf_fa tf-la-sun\" aria-hidden=\"true\"><use href=\"#tf-la-sun\"><\/use><\/svg><\/em>\n                                                                            <span>Du 7 juin au 8 septembre 2024<\/span>\n                                                            <\/div>\n            <div class=\"module-icon-item\">\n                                                                <em class=\"tf_box\" style=\"color:#ed4095\"><svg  class=\"tf_fa tf-la-clock\" aria-hidden=\"true\"><use href=\"#tf-la-clock\"><\/use><\/svg><\/em>\n                                                                            <span>Tous les jours de 12h \u00e0 23h *<\/span>\n                                                            <\/div>\n            <div class=\"module-icon-item\">\n                            <a href=\"https:\/\/www.google.com\/maps\/@46.2077566,6.1626399,3a,75y,0.53h,95.56t\/data=!3m10!1e1!3m8!1sygDyR3kORNRV1Sr5vBIxRQ!2e0!6s%2F%2Fgeo0.ggpht.com%2Fcbk%3Fpanoid%3DygDyR3kORNRV1Sr5vBIxRQ%26output%3Dthumbnail%26cb_client%3Dmaps_sv.tactile.gps%26thumb%3D2%26w%3D203%26h%3D100%26yaw%3D298.61136%26pitch%3D0%26thumbfov%3D100!7i13312!8i6656!9m2!1b1!2i37\" rel=\"noopener\" target=\"_blank\">\n                                                                    <em class=\"tf_box\" style=\"color:#ed4095\"><svg  class=\"tf_fa tf-la-map-pin-solid\" aria-hidden=\"true\"><use href=\"#tf-la-map-pin-solid\"><\/use><\/svg><\/em>\n                                                                            <span>Ici : quai Gustave-Ador (\u00e0 50m de Baby-Plage) <\/span>\n                                                                    <\/a>\n                    <\/div>\n    <\/div>\n<!-- \/module icon -->\n<!-- module text -->\n<div  class=\"module module-text tb_vp3o761   \" data-lazy=\"1\">\n        <div  class=\"tb_text_wrap\">\n        <p>Install\u00e9e sur le quai Gustave-Ador, aux Eaux-Vives, comme un espace de d\u00e9tente et de loisirs, <em>La Canop\u00e9e<\/em> propose au public plusieurs activit\u00e9s (p\u00e9tanque, baby-foot, yoga, danse et stand-up), des foodtrucks et une buvette !<\/p>\n<p>L\u2019exploitation de la buvette de <em>La Canop\u00e9e<\/em> est confi\u00e9e par la Ville de Gen\u00e8ve \u00e0 <em>Everybody\u2019s Perfect<\/em>.<\/p>\n<p>Une Queer Canop\u2019 d\u00e9ploie alors ses frondaisons, mue par des valeurs d\u2019inclusivit\u00e9 et de diversit\u00e9, un espace de bienveillance, de respect, d\u2019int\u00e9gration, de visibilit\u00e9 et de partage pour les personnes LGBTIQ+ et leurs alli\u00e9\u00b7x\u00b7es.<\/p>\n<p>Un cadre de r\u00eave, des boissons rafra\u00eechissantes servies par une \u00e9quipe b\u00e9n\u00e9vole et professionnelle, des moments d\u2019\u00e9change et de repos\u2026<\/p>\n<p>Pour vivre cet \u00e9t\u00e9 inoubliable au bord de l\u2019eau, consultez la carte de la buvette.<\/p>\n<p>Pour participer de l\u2019int\u00e9rieur \u00e0 la tenue de La Canop\u00e9e, rejoignez l\u2019\u00e9quipe b\u00e9n\u00e9vole.<\/p>    <\/div>\n<\/div>\n<!-- \/module text --><!-- module text -->\n<div  class=\"module module-text tb_n2xg955   \" data-lazy=\"1\">\n        <div  class=\"tb_text_wrap\">\n        <p>* 21h30 le dimanche<br>* fermeture en cas de pluie : consultez le compte Instagram <a href=\"https:\/\/www.instagram.com\/queercanop\/\" target=\"_blank\" rel=\"noopener\">@queercanop<\/a> pour des informations en temps r\u00e9el<\/p>    <\/div>\n<\/div>\n<!-- \/module text -->        <\/div>\n                        <\/div>\n        <\/div>\n        <\/div>\n<!--\/themify_builder_content-->","protected":false},"excerpt":{"rendered":"<p>Install\u00e9e sur le quai Gustave-Ador, aux Eaux-Vives, comme un espace de d\u00e9tente et de loisirs, La Canop\u00e9e propose au public plusieurs activit\u00e9s (p\u00e9tanque, baby-foot, yoga, danse et stand-up), des foodtrucks et une buvette ! L\u2019exploitation de la buvette de La Canop\u00e9e est confi\u00e9e par la Ville de Gen\u00e8ve \u00e0 Everybody\u2019s Perfect. Une Queer Canop\u2019 d\u00e9ploie [&hellip;]<\/p>\n","protected":false},"author":1,"featured_media":0,"parent":0,"menu_order":0,"comment_status":"closed","ping_status":"closed","template":"","meta":{"_acf_changed":false,"footnotes":""},"class_list":["post-22625","page","type-page","status-publish","hentry"],"acf":[],"builder_content":"<h1>LA CANOP\u00c9E<br\/>EVERYBODY\u2019S PERFECT installe sa Paillette au bord de l\u2019eau, dans l\u2019espace de d\u00e9tente et de loisirs<\/h1>\n<a href=\"https:\/\/www.everybodysperfect.ch\/wp-content\/uploads\/carte-Canop_V4_DIGITAL.pdf\" > La Carte <\/a> <a href=\"https:\/\/event.recrewteer.com\/v2\/organization\/2044\/event\/3831\/form\/3782\" target=\"_blank\" rel=\"noopener\"> inscriptions b\u00e9n\u00e9voles pour les cr\u00e9neaux du 05.08 au 25.08 <\/a> <a href=\"https:\/\/event.recrewteer.com\/v2\/organization\/2044\/event\/3831\/form\/3958\" target=\"_blank\" rel=\"noopener\"> inscriptions b\u00e9n\u00e9voles pour les cr\u00e9neaux du 26.08 au 07.09 <\/a>\n[gallery ids=\"832,833,834\"]\n<em style=\"color:#ed4095\"><svg aria-hidden=\"true\"><use href=\"#tf-la-sun\"><\/use><\/svg><\/em> Du 7 juin au 8 septembre 2024 <em style=\"color:#ed4095\"><svg aria-hidden=\"true\"><use href=\"#tf-la-clock\"><\/use><\/svg><\/em> Tous les jours de 12h \u00e0 23h * <a href=\"https:\/\/www.google.com\/maps\/@46.2077566,6.1626399,3a,75y,0.53h,95.56t\/data=!3m10!1e1!3m8!1sygDyR3kORNRV1Sr5vBIxRQ!2e0!6s%2F%2Fgeo0.ggpht.com%2Fcbk%3Fpanoid%3DygDyR3kORNRV1Sr5vBIxRQ%26output%3Dthumbnail%26cb_client%3Dmaps_sv.tactile.gps%26thumb%3D2%26w%3D203%26h%3D100%26yaw%3D298.61136%26pitch%3D0%26thumbfov%3D100!7i13312!8i6656!9m2!1b1!2i37\" rel=\"noopener\" target=\"_blank\"> <em style=\"color:#ed4095\"><svg aria-hidden=\"true\"><use href=\"#tf-la-map-pin-solid\"><\/use><\/svg><\/em> Ici : quai Gustave-Ador (\u00e0 50m de Baby-Plage) <\/a>\n<p>Install\u00e9e sur le quai Gustave-Ador, aux Eaux-Vives, comme un espace de d\u00e9tente et de loisirs, <em>La Canop\u00e9e<\/em> propose au public plusieurs activit\u00e9s (p\u00e9tanque, baby-foot, yoga, danse et stand-up), des foodtrucks et une buvette !<\/p> <p>L\u2019exploitation de la buvette de <em>La Canop\u00e9e<\/em> est confi\u00e9e par la Ville de Gen\u00e8ve \u00e0 <em>Everybody\u2019s Perfect<\/em>.<\/p> <p>Une Queer Canop\u2019 d\u00e9ploie alors ses frondaisons, mue par des valeurs d\u2019inclusivit\u00e9 et de diversit\u00e9, un espace de bienveillance, de respect, d\u2019int\u00e9gration, de visibilit\u00e9 et de partage pour les personnes LGBTIQ+ et leurs alli\u00e9\u00b7x\u00b7es.<\/p> <p>Un cadre de r\u00eave, des boissons rafra\u00eechissantes servies par une \u00e9quipe b\u00e9n\u00e9vole et professionnelle, des moments d\u2019\u00e9change et de repos\u2026<\/p> <p>Pour vivre cet \u00e9t\u00e9 inoubliable au bord de l\u2019eau, consultez la carte de la buvette.<\/p> <p>Pour participer de l\u2019int\u00e9rieur \u00e0 la tenue de La Canop\u00e9e, rejoignez l\u2019\u00e9quipe b\u00e9n\u00e9vole.<\/p>\n<p>* 21h30 le dimanche<br>* fermeture en cas de pluie : consultez le compte Instagram <a href=\"https:\/\/www.instagram.com\/queercanop\/\" target=\"_blank\" rel=\"noopener\">@queercanop<\/a> pour des informations en temps r\u00e9el<\/p>","_links":{"self":[{"href":"https:\/\/www.everybodysperfect.ch\/en\/wp-json\/wp\/v2\/pages\/22625","targetHints":{"allow":["GET"]}}],"collection":[{"href":"https:\/\/www.everybodysperfect.ch\/en\/wp-json\/wp\/v2\/pages"}],"about":[{"href":"https:\/\/www.everybodysperfect.ch\/en\/wp-json\/wp\/v2\/types\/page"}],"author":[{"embeddable":true,"href":"https:\/\/www.everybodysperfect.ch\/en\/wp-json\/wp\/v2\/users\/1"}],"replies":[{"embeddable":true,"href":"https:\/\/www.everybodysperfect.ch\/en\/wp-json\/wp\/v2\/comments?post=22625"}],"version-history":[{"count":2,"href":"https:\/\/www.everybodysperfect.ch\/en\/wp-json\/wp\/v2\/pages\/22625\/revisions"}],"predecessor-version":[{"id":22627,"href":"https:\/\/www.everybodysperfect.ch\/en\/wp-json\/wp\/v2\/pages\/22625\/revisions\/22627"}],"wp:attachment":[{"href":"https:\/\/www.everybodysperfect.ch\/en\/wp-json\/wp\/v2\/media?parent=22625"}],"curies":[{"name":"wp","href":"https:\/\/api.w.org\/{rel}","templated":true}]}}